{"id":7312,"date":"2021-12-29T12:20:37","date_gmt":"2021-12-29T10:20:37","guid":{"rendered":"http:\/\/freiesschauspiel.de\/?page_id=7312"},"modified":"2026-03-13T17:33:29","modified_gmt":"2026-03-13T15:33:29","slug":"wer-hat-meinen-vater-umgebracht-das-ende-von-eddy","status":"publish","type":"page","link":"https:\/\/freiesschauspiel.de\/en\/programm\/spielplan\/wer-hat-meinen-vater-umgebracht-das-ende-von-eddy","title":{"rendered":"WER HAT MEINEN VATER UMGEBRACHT \/ DAS ENDE VON EDDY"},"content":{"rendered":"<div class=\"csRow\">\n<div class=\"csColumnGap\" style=\"margin: 0px; padding: 0px; float: left; width: 1.56%;\"><img decoding=\"async\" src=\"http:\/\/freiesschauspiel.de\/wp-content\/plugins\/advanced-wp-columns\/assets\/js\/plugins\/views\/img\/1x1-pixel.png\" \/><\/div>\n<div class=\"csColumn\" style=\"margin: 0px; padding: 0px; float: left; width: 47.7%;\" data-csstartpoint=\"15\" data-csendpoint=\"472.5\" data-cswidth=\"47.7%\" data-csid=\"3ded867b-9ecf-cc6f-8bf7-c673b3ba6f89\">\n<p>\u201e[W]as ich schreibe, was ich erz\u00e4hle, folgt nicht den Erfordernissen der Literatur, sondern denen der Notwendigkeit, der Dringlichkeit, denen des Feuers\u201c.<\/p>\n<p>Das Ende von Eddy, \u00c9douard Louis\u2019 erster Roman, ist ein Befreiungsschlag: der gelungene Versuch, die eigene Herkunft, das gesellschaftliche Schicksal, Dem\u00fctigung, Armut und Au\u00dfenseitertum literarisch zu \u00fcberwinden. Der junge Autor erhebt seine Stimme zu einer Anklage gegen die Verh\u00e4ltnisse, in denen er aufgewachsen ist, gegen die Homophobie, die Enge und Tristesse seines Heimatdorfs in Nordfrankreich.<br \/>\nVier Jahre sp\u00e4ter widmet er sich erneut seiner Kindheit. Mit Wer hat meinen Vater umgebracht \u2013 zugleich Romanessay und flammendes Pamphlet \u2013 hat er einen Nachtrag voller Empathie geschrieben, der nachzeichnet, wie das Elend der franz\u00f6sischen Arbeiter*innenklasse politisch perpetuiert wird. Er n\u00e4hert sich schreibend dem Leben und der Perspektive seines Vaters an, erforscht, was ihn hat werden lassen, wie er wurde, und erweitert seinen eigenen Blick vom Privaten auf das Politische, um die Herrschenden namentlich zur Verantwortung zu rufen.<\/p>\n<p>In einer B\u00fchnenfassung f\u00fcr zwei Schauspieler und ein Schlagzeug inszeniert Bettina Kaminski beide Texte als eine explosive Untersuchung dessen, wie sich die Politik in die K\u00f6rper von Menschen einschreibt \u2013 im Falle von Louis\u2019 Vater, indem man sie durch Arbeit zugrunde richtet. Nicht zuletzt stellen Text und Inszenierung ein Ideal von M\u00e4nnlichkeit in Frage, dessen Kehrseite Gewalt, Hass auf Homosexualit\u00e4t, sowie die Unterdr\u00fcckung der eigenen Emotionen bedeutet. Ein St\u00fcck, das sowohl Z\u00e4rtlichkeit als auch Wut ihren Raum gibt.<\/p>\n<p><strong>F\u00dcNF FRAGEN AN DIE REGISSEURIN. <a href=\"http:\/\/freiesschauspiel.de\/programm\/spielplan\/wer-hat-meinen-vater-umgebracht-das-ende-von-eddy\/fuenf-fragen-an-die-regisseurin-bettina-kaminski\">Zum Interview.<\/a><\/strong><\/p>\n<\/div>\n<div class=\"csColumnGap\" style=\"margin: 0px; padding: 0px; float: left; width: 14.2%;\"><img decoding=\"async\" src=\"http:\/\/freiesschauspiel.de\/wp-content\/plugins\/advanced-wp-columns\/assets\/js\/plugins\/views\/img\/1x1-pixel.png\" \/><\/div>\n<div class=\"csColumn\" style=\"margin: 0px; padding: 0px; float: left; width: 35.1%;\" data-csstartpoint=\"608.5\" data-csendpoint=\"945\" data-cswidth=\"35.1%\" data-csid=\"a5f171a8-f729-6cb6-b6e6-c73d99086a10\">\n<p><strong>WER HAT MEINEN VATER UMGEBRACHT \/ DAS ENDE VON EDDY<\/strong><br \/>\nnach den Romanen von \u00c9douard Louis<br \/>\n\u00dcbersetzung von Hinrich Schmidt-Henkel<br \/>\nin einer Bearbeitung von<br \/>\nVictor Schlothauer und Bettina Kaminski<\/p>\n<p><strong>Vorstellungen<br \/>\n<\/strong><br \/>\nzu buchen Gastspiel\/Geschlossene Vorstellung<\/p>\n<p><strong>Es spielen<\/strong> Axel Gottschick, Ives Pancera<br \/>\n<strong>Schlagzeug<\/strong> G\u00fcnter Bozem<br \/>\n<strong>Inszenierung<\/strong> Bettina Kaminski<br \/>\n<strong>B\u00fchne<\/strong> Gerd Friedrich<br \/>\n<strong>Dramaturgie<\/strong> Victor Schlothauer<br \/>\n<strong>Fotograf<\/strong> Felix Holland<\/p>\n\n\t\t<style type=\"text\/css\">\n\t\t\t#gallery-1 {\n\t\t\t\tmargin: auto;\n\t\t\t}\n\t\t\t#gallery-1 .gallery-item {\n\t\t\t\tfloat: left;\n\t\t\t\tmargin-top: 10px;\n\t\t\t\ttext-align: center;\n\t\t\t\twidth: 20%;\n\t\t\t}\n\t\t\t#gallery-1 img {\n\t\t\t\tborder: 2px solid #cfcfcf;\n\t\t\t}\n\t\t\t#gallery-1 .gallery-caption {\n\t\t\t\tmargin-left: 0;\n\t\t\t}\n\t\t\t\/* see gallery_shortcode() in wp-includes\/media.php *\/\n\t\t<\/style>\n\t\t<div id='gallery-1' class='gallery galleryid-7312 gallery-columns-5 gallery-size-thumbnail'><dl class='gallery-item'>\n\t\t\t<dt class='gallery-icon portrait'>\n\t\t\t\t<a href='https:\/\/freiesschauspiel.de\/wp-content\/uploads\/2022\/03\/FSE_Eddy-2209-1-683x1024.jpg' title=\"\" data-rl_title=\"\" class=\"rl-gallery-link\" data-rl_caption=\"\" data-rel=\"lightbox-gallery-1\"><img loading=\"lazy\" decoding=\"async\" width=\"236\" height=\"315\" src=\"https:\/\/freiesschauspiel.de\/wp-content\/uploads\/2022\/03\/FSE_Eddy-2209-1-236x315.jpg\" class=\"attachment-thumbnail size-thumbnail\" alt=\"\" \/><\/a>\n\t\t\t<\/dt><\/dl><dl class='gallery-item'>\n\t\t\t<dt class='gallery-icon landscape'>\n\t\t\t\t<a href='https:\/\/freiesschauspiel.de\/wp-content\/uploads\/2022\/03\/FSE_Eddy-2051-1-1024x683.jpg' title=\"\" data-rl_title=\"\" class=\"rl-gallery-link\" data-rl_caption=\"\" data-rel=\"lightbox-gallery-1\"><img loading=\"lazy\" decoding=\"async\" width=\"236\" height=\"315\" src=\"https:\/\/freiesschauspiel.de\/wp-content\/uploads\/2022\/03\/FSE_Eddy-2051-1-236x315.jpg\" class=\"attachment-thumbnail size-thumbnail\" alt=\"\" \/><\/a>\n\t\t\t<\/dt><\/dl><dl class='gallery-item'>\n\t\t\t<dt class='gallery-icon landscape'>\n\t\t\t\t<a href='https:\/\/freiesschauspiel.de\/wp-content\/uploads\/2022\/03\/FSE_Eddy-1429-1-1024x683.jpg' title=\"\" data-rl_title=\"\" class=\"rl-gallery-link\" data-rl_caption=\"\" data-rel=\"lightbox-gallery-1\"><img loading=\"lazy\" decoding=\"async\" width=\"236\" height=\"315\" src=\"https:\/\/freiesschauspiel.de\/wp-content\/uploads\/2022\/03\/FSE_Eddy-1429-1-236x315.jpg\" class=\"attachment-thumbnail size-thumbnail\" alt=\"\" \/><\/a>\n\t\t\t<\/dt><\/dl><dl class='gallery-item'>\n\t\t\t<dt class='gallery-icon landscape'>\n\t\t\t\t<a href='https:\/\/freiesschauspiel.de\/wp-content\/uploads\/2022\/03\/FSE_Eddy-1066-1-1024x683.jpg' title=\"\" data-rl_title=\"\" class=\"rl-gallery-link\" data-rl_caption=\"\" data-rel=\"lightbox-gallery-1\"><img loading=\"lazy\" decoding=\"async\" width=\"236\" height=\"315\" src=\"https:\/\/freiesschauspiel.de\/wp-content\/uploads\/2022\/03\/FSE_Eddy-1066-1-236x315.jpg\" class=\"attachment-thumbnail size-thumbnail\" alt=\"\" \/><\/a>\n\t\t\t<\/dt><\/dl><dl class='gallery-item'>\n\t\t\t<dt class='gallery-icon landscape'>\n\t\t\t\t<a href='https:\/\/freiesschauspiel.de\/wp-content\/uploads\/2022\/03\/FSE_Eddy-0562-1-1024x683.jpg' title=\"\" data-rl_title=\"\" class=\"rl-gallery-link\" data-rl_caption=\"\" data-rel=\"lightbox-gallery-1\"><img loading=\"lazy\" decoding=\"async\" width=\"236\" height=\"315\" src=\"https:\/\/freiesschauspiel.de\/wp-content\/uploads\/2022\/03\/FSE_Eddy-0562-1-236x315.jpg\" class=\"attachment-thumbnail size-thumbnail\" alt=\"\" \/><\/a>\n\t\t\t<\/dt><\/dl><br style=\"clear: both\" \/>\n\t\t<\/div>\n\n<p><a href=\"http:\/\/freiesschauspiel.de\/programm\/spielplan\/wer-hat-meinen-vater-umgebracht-das-ende-von-eddy\/pressestimmen\">Pressestimmen<\/a><\/p>\n<p><strong>Premiere <\/strong>19. Februar 2022<br \/>\n<strong>Dauer<\/strong> 1 Stunde 20 Minuten, ohne Pause<\/p>\n<\/div>\n<div class=\"csColumnGap\" style=\"margin: 0px; padding: 0px; float: left; width: 1.56%;\"><img decoding=\"async\" src=\"http:\/\/freiesschauspiel.de\/wp-content\/plugins\/advanced-wp-columns\/assets\/js\/plugins\/views\/img\/1x1-pixel.png\" \/><\/div>\n<div style=\"clear: both; float: none; display: block; visibility: hidden; width: 0px; font-size: 0px; line-height: 0;\"><\/div>\n<\/div>\n<p>&nbsp;<\/p>\n","protected":false},"excerpt":{"rendered":"\u201e[W]as ich schreibe, was ich <a class=\"more-link\" href=\"https:\/\/freiesschauspiel.de\/en\/programm\/spielplan\/wer-hat-meinen-vater-umgebracht-das-ende-von-eddy\">(&#8230; mehr)<\/a>","protected":false},"author":1,"featured_media":8219,"parent":2,"menu_order":0,"comment_status":"closed","ping_status":"closed","template":"","meta":{"footnotes":""},"translation":{"provider":"WPGlobus","version":"3.0.0","language":"en","enabled_languages":["de","en"],"languages":{"de":{"title":true,"content":true,"excerpt":false},"en":{"title":false,"content":false,"excerpt":false}}},"yoast_head":"<!-- This site is optimized with the Yoast SEO plugin v23.5 - https:\/\/yoast.com\/wordpress\/plugins\/seo\/ -->\n<title>WER HAT MEINEN VATER UMGEBRACHT \/ DAS ENDE VON EDDY - Freies Schauspiel Ensemble<\/title>\n<meta name=\"robots\" content=\"index, follow, max-snippet:-1, max-image-preview:large, max-video-preview:-1\" \/>\n<link rel=\"canonical\" href=\"https:\/\/freiesschauspiel.de\/programm\/spielplan\/wer-hat-meinen-vater-umgebracht-das-ende-von-eddy\" \/>\n<meta property=\"og:locale\" content=\"en_US\" \/>\n<meta property=\"og:type\" content=\"article\" \/>\n<meta property=\"og:title\" content=\"WER HAT MEINEN VATER UMGEBRACHT \/ DAS ENDE VON EDDY - Freies Schauspiel Ensemble\" \/>\n<meta property=\"og:url\" content=\"https:\/\/freiesschauspiel.de\/programm\/spielplan\/wer-hat-meinen-vater-umgebracht-das-ende-von-eddy\" \/>\n<meta property=\"og:site_name\" content=\"Freies Schauspiel Ensemble\" \/>\n<meta property=\"article:publisher\" content=\"https:\/\/www.facebook.com\/FreiesSchauspielEnsemble\/\" \/>\n<meta property=\"article:modified_time\" content=\"2026-03-13T15:33:29+00:00\" \/>\n<meta property=\"og:image\" content=\"https:\/\/freiesschauspiel.de\/wp-content\/uploads\/2022\/11\/WP-HeaderFelix.png\" \/>\n\t<meta property=\"og:image:width\" content=\"1920\" \/>\n\t<meta property=\"og:image:height\" content=\"720\" \/>\n\t<meta property=\"og:image:type\" content=\"image\/png\" \/>\n<meta name=\"twitter:card\" content=\"summary_large_image\" \/>\n<meta name=\"twitter:label1\" content=\"Est. reading time\" \/>\n\t<meta name=\"twitter:data1\" content=\"3 minutes\" \/>\n<script type=\"application\/ld+json\" class=\"yoast-schema-graph\">{\"@context\":\"https:\/\/schema.org\",\"@graph\":[{\"@type\":\"WebPage\",\"@id\":\"https:\/\/freiesschauspiel.de\/programm\/spielplan\/wer-hat-meinen-vater-umgebracht-das-ende-von-eddy\",\"url\":\"https:\/\/freiesschauspiel.de\/programm\/spielplan\/wer-hat-meinen-vater-umgebracht-das-ende-von-eddy\",\"name\":\"WER HAT MEINEN VATER UMGEBRACHT \/ DAS ENDE VON EDDY - Freies Schauspiel Ensemble\",\"isPartOf\":{\"@id\":\"https:\/\/freiesschauspiel.de\/#website\"},\"primaryImageOfPage\":{\"@id\":\"https:\/\/freiesschauspiel.de\/programm\/spielplan\/wer-hat-meinen-vater-umgebracht-das-ende-von-eddy#primaryimage\"},\"image\":{\"@id\":\"https:\/\/freiesschauspiel.de\/programm\/spielplan\/wer-hat-meinen-vater-umgebracht-das-ende-von-eddy#primaryimage\"},\"thumbnailUrl\":\"https:\/\/freiesschauspiel.de\/wp-content\/uploads\/2022\/11\/WP-HeaderFelix.png\",\"datePublished\":\"2021-12-29T10:20:37+00:00\",\"dateModified\":\"2026-03-13T15:33:29+00:00\",\"breadcrumb\":{\"@id\":\"https:\/\/freiesschauspiel.de\/programm\/spielplan\/wer-hat-meinen-vater-umgebracht-das-ende-von-eddy#breadcrumb\"},\"inLanguage\":\"en-US\",\"potentialAction\":[{\"@type\":\"ReadAction\",\"target\":[\"https:\/\/freiesschauspiel.de\/programm\/spielplan\/wer-hat-meinen-vater-umgebracht-das-ende-von-eddy\"]}]},{\"@type\":\"ImageObject\",\"inLanguage\":\"en-US\",\"@id\":\"https:\/\/freiesschauspiel.de\/programm\/spielplan\/wer-hat-meinen-vater-umgebracht-das-ende-von-eddy#primaryimage\",\"url\":\"https:\/\/freiesschauspiel.de\/wp-content\/uploads\/2022\/11\/WP-HeaderFelix.png\",\"contentUrl\":\"https:\/\/freiesschauspiel.de\/wp-content\/uploads\/2022\/11\/WP-HeaderFelix.png\",\"width\":1920,\"height\":720},{\"@type\":\"BreadcrumbList\",\"@id\":\"https:\/\/freiesschauspiel.de\/programm\/spielplan\/wer-hat-meinen-vater-umgebracht-das-ende-von-eddy#breadcrumb\",\"itemListElement\":[{\"@type\":\"ListItem\",\"position\":1,\"name\":\"Startseite\",\"item\":\"https:\/\/freiesschauspiel.de\/\"},{\"@type\":\"ListItem\",\"position\":2,\"name\":\"Programm\",\"item\":\"https:\/\/freiesschauspiel.de\/programm\"},{\"@type\":\"ListItem\",\"position\":3,\"name\":\"Spielplan 2025\/26\",\"item\":\"https:\/\/freiesschauspiel.de\/programm\/spielplan\"},{\"@type\":\"ListItem\",\"position\":4,\"name\":\"WER HAT MEINEN VATER UMGEBRACHT \/ DAS ENDE VON EDDY\"}]},{\"@type\":\"WebSite\",\"@id\":\"https:\/\/freiesschauspiel.de\/#website\",\"url\":\"https:\/\/freiesschauspiel.de\/\",\"name\":\"Freies Schauspiel Ensemble\",\"description\":\"im TITANIA\",\"potentialAction\":[{\"@type\":\"SearchAction\",\"target\":{\"@type\":\"EntryPoint\",\"urlTemplate\":\"https:\/\/freiesschauspiel.de\/?s={search_term_string}\"},\"query-input\":{\"@type\":\"PropertyValueSpecification\",\"valueRequired\":true,\"valueName\":\"search_term_string\"}}],\"inLanguage\":\"en-US\"}]}<\/script>\n<!-- \/ Yoast SEO plugin. -->","yoast_head_json":{"title":"WER HAT MEINEN VATER UMGEBRACHT \/ DAS ENDE VON EDDY - Freies Schauspiel Ensemble","robots":{"index":"index","follow":"follow","max-snippet":"max-snippet:-1","max-image-preview":"max-image-preview:large","max-video-preview":"max-video-preview:-1"},"canonical":"https:\/\/freiesschauspiel.de\/programm\/spielplan\/wer-hat-meinen-vater-umgebracht-das-ende-von-eddy","og_locale":"en_US","og_type":"article","og_title":"WER HAT MEINEN VATER UMGEBRACHT \/ DAS ENDE VON EDDY - Freies Schauspiel Ensemble","og_url":"https:\/\/freiesschauspiel.de\/programm\/spielplan\/wer-hat-meinen-vater-umgebracht-das-ende-von-eddy","og_site_name":"Freies Schauspiel Ensemble","article_publisher":"https:\/\/www.facebook.com\/FreiesSchauspielEnsemble\/","article_modified_time":"2026-03-13T15:33:29+00:00","og_image":[{"width":1920,"height":720,"url":"https:\/\/freiesschauspiel.de\/wp-content\/uploads\/2022\/11\/WP-HeaderFelix.png","type":"image\/png"}],"twitter_card":"summary_large_image","twitter_misc":{"Est. reading time":"3 minutes"},"schema":{"@context":"https:\/\/schema.org","@graph":[{"@type":"WebPage","@id":"https:\/\/freiesschauspiel.de\/programm\/spielplan\/wer-hat-meinen-vater-umgebracht-das-ende-von-eddy","url":"https:\/\/freiesschauspiel.de\/programm\/spielplan\/wer-hat-meinen-vater-umgebracht-das-ende-von-eddy","name":"WER HAT MEINEN VATER UMGEBRACHT \/ DAS ENDE VON EDDY - Freies Schauspiel Ensemble","isPartOf":{"@id":"https:\/\/freiesschauspiel.de\/#website"},"primaryImageOfPage":{"@id":"https:\/\/freiesschauspiel.de\/programm\/spielplan\/wer-hat-meinen-vater-umgebracht-das-ende-von-eddy#primaryimage"},"image":{"@id":"https:\/\/freiesschauspiel.de\/programm\/spielplan\/wer-hat-meinen-vater-umgebracht-das-ende-von-eddy#primaryimage"},"thumbnailUrl":"https:\/\/freiesschauspiel.de\/wp-content\/uploads\/2022\/11\/WP-HeaderFelix.png","datePublished":"2021-12-29T10:20:37+00:00","dateModified":"2026-03-13T15:33:29+00:00","breadcrumb":{"@id":"https:\/\/freiesschauspiel.de\/programm\/spielplan\/wer-hat-meinen-vater-umgebracht-das-ende-von-eddy#breadcrumb"},"inLanguage":"en-US","potentialAction":[{"@type":"ReadAction","target":["https:\/\/freiesschauspiel.de\/programm\/spielplan\/wer-hat-meinen-vater-umgebracht-das-ende-von-eddy"]}]},{"@type":"ImageObject","inLanguage":"en-US","@id":"https:\/\/freiesschauspiel.de\/programm\/spielplan\/wer-hat-meinen-vater-umgebracht-das-ende-von-eddy#primaryimage","url":"https:\/\/freiesschauspiel.de\/wp-content\/uploads\/2022\/11\/WP-HeaderFelix.png","contentUrl":"https:\/\/freiesschauspiel.de\/wp-content\/uploads\/2022\/11\/WP-HeaderFelix.png","width":1920,"height":720},{"@type":"BreadcrumbList","@id":"https:\/\/freiesschauspiel.de\/programm\/spielplan\/wer-hat-meinen-vater-umgebracht-das-ende-von-eddy#breadcrumb","itemListElement":[{"@type":"ListItem","position":1,"name":"Startseite","item":"https:\/\/freiesschauspiel.de\/"},{"@type":"ListItem","position":2,"name":"Programm","item":"https:\/\/freiesschauspiel.de\/programm"},{"@type":"ListItem","position":3,"name":"Spielplan 2025\/26","item":"https:\/\/freiesschauspiel.de\/programm\/spielplan"},{"@type":"ListItem","position":4,"name":"WER HAT MEINEN VATER UMGEBRACHT \/ DAS ENDE VON EDDY"}]},{"@type":"WebSite","@id":"https:\/\/freiesschauspiel.de\/#website","url":"https:\/\/freiesschauspiel.de\/","name":"Freies Schauspiel Ensemble","description":"im TITANIA","potentialAction":[{"@type":"SearchAction","target":{"@type":"EntryPoint","urlTemplate":"https:\/\/freiesschauspiel.de\/?s={search_term_string}"},"query-input":{"@type":"PropertyValueSpecification","valueRequired":true,"valueName":"search_term_string"}}],"inLanguage":"en-US"}]}},"_links":{"self":[{"href":"https:\/\/freiesschauspiel.de\/en\/wp-json\/wp\/v2\/pages\/7312"}],"collection":[{"href":"https:\/\/freiesschauspiel.de\/en\/wp-json\/wp\/v2\/pages"}],"about":[{"href":"https:\/\/freiesschauspiel.de\/en\/wp-json\/wp\/v2\/types\/page"}],"author":[{"embeddable":true,"href":"https:\/\/freiesschauspiel.de\/en\/wp-json\/wp\/v2\/users\/1"}],"replies":[{"embeddable":true,"href":"https:\/\/freiesschauspiel.de\/en\/wp-json\/wp\/v2\/comments?post=7312"}],"version-history":[{"count":74,"href":"https:\/\/freiesschauspiel.de\/en\/wp-json\/wp\/v2\/pages\/7312\/revisions"}],"predecessor-version":[{"id":10887,"href":"https:\/\/freiesschauspiel.de\/en\/wp-json\/wp\/v2\/pages\/7312\/revisions\/10887"}],"up":[{"embeddable":true,"href":"https:\/\/freiesschauspiel.de\/en\/wp-json\/wp\/v2\/pages\/2"}],"wp:featuredmedia":[{"embeddable":true,"href":"https:\/\/freiesschauspiel.de\/en\/wp-json\/wp\/v2\/media\/8219"}],"wp:attachment":[{"href":"https:\/\/freiesschauspiel.de\/en\/wp-json\/wp\/v2\/media?parent=7312"}],"curies":[{"name":"wp","href":"https:\/\/api.w.org\/{rel}","templated":true}]}}