{"id":7845,"date":"2022-08-06T10:59:03","date_gmt":"2022-08-06T08:59:03","guid":{"rendered":"http:\/\/freiesschauspiel.de\/?page_id=7845"},"modified":"2022-09-21T14:36:34","modified_gmt":"2022-09-21T12:36:34","slug":"menschen-auf-der-flucht-podiumsdiskussion","status":"publish","type":"page","link":"https:\/\/freiesschauspiel.de\/en\/programm\/werkschau\/menschen-auf-der-flucht-podiumsdiskussion","title":{"rendered":"MENSCHEN AUF DER FLUCHT &#8211; Podiumsdiskussion"},"content":{"rendered":"<p><img loading=\"lazy\" decoding=\"async\" class=\"aligncenter wp-image-7778 size-large\" src=\"http:\/\/freiesschauspiel.de\/wp-content\/uploads\/2022\/08\/Logo-1024x615.jpg\" alt=\"\" width=\"860\" height=\"517\" srcset=\"https:\/\/freiesschauspiel.de\/wp-content\/uploads\/2022\/08\/Logo-1024x615.jpg 1024w, https:\/\/freiesschauspiel.de\/wp-content\/uploads\/2022\/08\/Logo-300x180.jpg 300w, https:\/\/freiesschauspiel.de\/wp-content\/uploads\/2022\/08\/Logo-768x461.jpg 768w, https:\/\/freiesschauspiel.de\/wp-content\/uploads\/2022\/08\/Logo-1536x922.jpg 1536w, https:\/\/freiesschauspiel.de\/wp-content\/uploads\/2022\/08\/Logo.jpg 2005w\" sizes=\"(max-width: 860px) 100vw, 860px\" \/><\/p>\n<h2><strong>MENSCHEN AUF DER FLUCHT &#8211; SCHOTTEN DICHT?<\/strong><\/h2>\n<h4>Podiumsdiskussion mit Vertreter*innen aus Politik und Zivilgesellschaft<\/h4>\n<h4>Zu Gast: Rainer Blendin, SEA-EYE; Karl Kopp, Leiter der Europa-Abteilung von PRO ASYL; Julian Pahlke, MdB, B\u00fcndnis 90\/Die Gr\u00fcnen; Jan Pasternack, Landesvorstand, SPD; Moderation: Doris Renck<\/h4>\n<h4>Nach wie vor fl\u00fcchten \u00fcber 100.000 Menschen j\u00e4hrlich \u00fcber das Mittelmeer nach Europa und \u00fcber 1000 von ihnen finden dabei den Tod. Um ihre Au\u00dfengrenzen zu sch\u00fctzen, hat die EU 2005 die Grenzschutzagentur Frontex gegr\u00fcndet. Die Agentur bem\u00fcht sich, Asyl suchende Gefl\u00fcchtete daran zu hindern, \u00fcber das Mittelmeer nach Europa zu gelangen. Dabei werden von Frontex und anderen Sicherheitsbeh\u00f6rden \u2013 laut Zeugenberichten \u2013 immer wieder schwere Menschenrechtsverletzungen begangen, zum Teil mit t\u00f6dlichen Folgen. Wie kann diese see- und v\u00f6lkerrechtlich untragbare Situation ver\u00e4ndert werden? Ist Abschottung die einzige m\u00f6gliche Antwort der Europ\u00e4ischen Staatengemeinschaft?<\/h4>\n<p>&nbsp;<\/p>\n<h4>Termin<br \/>\nSo, 25.09. 19:30 Uhr<br \/>\n&nbsp;<\/p>\n","protected":false},"excerpt":{"rendered":"MENSCHEN AUF DER FLUCHT &#8211; <a class=\"more-link\" href=\"https:\/\/freiesschauspiel.de\/en\/programm\/werkschau\/menschen-auf-der-flucht-podiumsdiskussion\">(&#8230; mehr)<\/a>","protected":false},"author":1,"featured_media":0,"parent":7812,"menu_order":0,"comment_status":"closed","ping_status":"closed","template":"","meta":{"footnotes":""},"translation":{"provider":"WPGlobus","version":"3.0.0","language":"en","enabled_languages":["de","en"],"languages":{"de":{"title":true,"content":true,"excerpt":false},"en":{"title":false,"content":false,"excerpt":false}}},"yoast_head":"<!-- This site is optimized with the Yoast SEO plugin v23.5 - https:\/\/yoast.com\/wordpress\/plugins\/seo\/ -->\n<title>MENSCHEN AUF DER FLUCHT - Podiumsdiskussion - Freies Schauspiel Ensemble<\/title>\n<meta name=\"robots\" content=\"index, follow, max-snippet:-1, max-image-preview:large, max-video-preview:-1\" \/>\n<link rel=\"canonical\" href=\"https:\/\/freiesschauspiel.de\/programm\/werkschau\/menschen-auf-der-flucht-podiumsdiskussion\" \/>\n<meta property=\"og:locale\" content=\"en_US\" \/>\n<meta property=\"og:type\" content=\"article\" \/>\n<meta property=\"og:title\" content=\"MENSCHEN AUF DER FLUCHT - Podiumsdiskussion - Freies Schauspiel Ensemble\" \/>\n<meta property=\"og:url\" content=\"https:\/\/freiesschauspiel.de\/programm\/werkschau\/menschen-auf-der-flucht-podiumsdiskussion\" \/>\n<meta property=\"og:site_name\" content=\"Freies Schauspiel Ensemble\" \/>\n<meta property=\"article:publisher\" content=\"https:\/\/www.facebook.com\/FreiesSchauspielEnsemble\/\" \/>\n<meta property=\"article:modified_time\" content=\"2022-09-21T12:36:34+00:00\" \/>\n<meta property=\"og:image\" content=\"http:\/\/freiesschauspiel.de\/wp-content\/uploads\/2022\/08\/Logo-1024x615.jpg\" \/>\n<meta name=\"twitter:card\" content=\"summary_large_image\" \/>\n<meta name=\"twitter:label1\" content=\"Est. reading time\" \/>\n\t<meta name=\"twitter:data1\" content=\"1 minute\" \/>\n<script type=\"application\/ld+json\" class=\"yoast-schema-graph\">{\"@context\":\"https:\/\/schema.org\",\"@graph\":[{\"@type\":\"WebPage\",\"@id\":\"https:\/\/freiesschauspiel.de\/programm\/werkschau\/menschen-auf-der-flucht-podiumsdiskussion\",\"url\":\"https:\/\/freiesschauspiel.de\/programm\/werkschau\/menschen-auf-der-flucht-podiumsdiskussion\",\"name\":\"MENSCHEN AUF DER FLUCHT - Podiumsdiskussion - Freies Schauspiel Ensemble\",\"isPartOf\":{\"@id\":\"https:\/\/freiesschauspiel.de\/#website\"},\"primaryImageOfPage\":{\"@id\":\"https:\/\/freiesschauspiel.de\/programm\/werkschau\/menschen-auf-der-flucht-podiumsdiskussion#primaryimage\"},\"image\":{\"@id\":\"https:\/\/freiesschauspiel.de\/programm\/werkschau\/menschen-auf-der-flucht-podiumsdiskussion#primaryimage\"},\"thumbnailUrl\":\"http:\/\/freiesschauspiel.de\/wp-content\/uploads\/2022\/08\/Logo-1024x615.jpg\",\"datePublished\":\"2022-08-06T08:59:03+00:00\",\"dateModified\":\"2022-09-21T12:36:34+00:00\",\"breadcrumb\":{\"@id\":\"https:\/\/freiesschauspiel.de\/programm\/werkschau\/menschen-auf-der-flucht-podiumsdiskussion#breadcrumb\"},\"inLanguage\":\"en-US\",\"potentialAction\":[{\"@type\":\"ReadAction\",\"target\":[\"https:\/\/freiesschauspiel.de\/programm\/werkschau\/menschen-auf-der-flucht-podiumsdiskussion\"]}]},{\"@type\":\"ImageObject\",\"inLanguage\":\"en-US\",\"@id\":\"https:\/\/freiesschauspiel.de\/programm\/werkschau\/menschen-auf-der-flucht-podiumsdiskussion#primaryimage\",\"url\":\"http:\/\/freiesschauspiel.de\/wp-content\/uploads\/2022\/08\/Logo-1024x615.jpg\",\"contentUrl\":\"http:\/\/freiesschauspiel.de\/wp-content\/uploads\/2022\/08\/Logo-1024x615.jpg\"},{\"@type\":\"BreadcrumbList\",\"@id\":\"https:\/\/freiesschauspiel.de\/programm\/werkschau\/menschen-auf-der-flucht-podiumsdiskussion#breadcrumb\",\"itemListElement\":[{\"@type\":\"ListItem\",\"position\":1,\"name\":\"Startseite\",\"item\":\"https:\/\/freiesschauspiel.de\/\"},{\"@type\":\"ListItem\",\"position\":2,\"name\":\"Programm\",\"item\":\"https:\/\/freiesschauspiel.de\/programm\"},{\"@type\":\"ListItem\",\"position\":3,\"name\":\"Werkschau\",\"item\":\"https:\/\/freiesschauspiel.de\/programm\/werkschau\"},{\"@type\":\"ListItem\",\"position\":4,\"name\":\"MENSCHEN AUF DER FLUCHT &#8211; Podiumsdiskussion\"}]},{\"@type\":\"WebSite\",\"@id\":\"https:\/\/freiesschauspiel.de\/#website\",\"url\":\"https:\/\/freiesschauspiel.de\/\",\"name\":\"Freies Schauspiel Ensemble\",\"description\":\"im TITANIA\",\"potentialAction\":[{\"@type\":\"SearchAction\",\"target\":{\"@type\":\"EntryPoint\",\"urlTemplate\":\"https:\/\/freiesschauspiel.de\/?s={search_term_string}\"},\"query-input\":{\"@type\":\"PropertyValueSpecification\",\"valueRequired\":true,\"valueName\":\"search_term_string\"}}],\"inLanguage\":\"en-US\"}]}<\/script>\n<!-- \/ Yoast SEO plugin. -->","yoast_head_json":{"title":"MENSCHEN AUF DER FLUCHT - Podiumsdiskussion - Freies Schauspiel Ensemble","robots":{"index":"index","follow":"follow","max-snippet":"max-snippet:-1","max-image-preview":"max-image-preview:large","max-video-preview":"max-video-preview:-1"},"canonical":"https:\/\/freiesschauspiel.de\/programm\/werkschau\/menschen-auf-der-flucht-podiumsdiskussion","og_locale":"en_US","og_type":"article","og_title":"MENSCHEN AUF DER FLUCHT - Podiumsdiskussion - Freies Schauspiel Ensemble","og_url":"https:\/\/freiesschauspiel.de\/programm\/werkschau\/menschen-auf-der-flucht-podiumsdiskussion","og_site_name":"Freies Schauspiel Ensemble","article_publisher":"https:\/\/www.facebook.com\/FreiesSchauspielEnsemble\/","article_modified_time":"2022-09-21T12:36:34+00:00","og_image":[{"url":"http:\/\/freiesschauspiel.de\/wp-content\/uploads\/2022\/08\/Logo-1024x615.jpg"}],"twitter_card":"summary_large_image","twitter_misc":{"Est. reading time":"1 minute"},"schema":{"@context":"https:\/\/schema.org","@graph":[{"@type":"WebPage","@id":"https:\/\/freiesschauspiel.de\/programm\/werkschau\/menschen-auf-der-flucht-podiumsdiskussion","url":"https:\/\/freiesschauspiel.de\/programm\/werkschau\/menschen-auf-der-flucht-podiumsdiskussion","name":"MENSCHEN AUF DER FLUCHT - Podiumsdiskussion - Freies Schauspiel Ensemble","isPartOf":{"@id":"https:\/\/freiesschauspiel.de\/#website"},"primaryImageOfPage":{"@id":"https:\/\/freiesschauspiel.de\/programm\/werkschau\/menschen-auf-der-flucht-podiumsdiskussion#primaryimage"},"image":{"@id":"https:\/\/freiesschauspiel.de\/programm\/werkschau\/menschen-auf-der-flucht-podiumsdiskussion#primaryimage"},"thumbnailUrl":"http:\/\/freiesschauspiel.de\/wp-content\/uploads\/2022\/08\/Logo-1024x615.jpg","datePublished":"2022-08-06T08:59:03+00:00","dateModified":"2022-09-21T12:36:34+00:00","breadcrumb":{"@id":"https:\/\/freiesschauspiel.de\/programm\/werkschau\/menschen-auf-der-flucht-podiumsdiskussion#breadcrumb"},"inLanguage":"en-US","potentialAction":[{"@type":"ReadAction","target":["https:\/\/freiesschauspiel.de\/programm\/werkschau\/menschen-auf-der-flucht-podiumsdiskussion"]}]},{"@type":"ImageObject","inLanguage":"en-US","@id":"https:\/\/freiesschauspiel.de\/programm\/werkschau\/menschen-auf-der-flucht-podiumsdiskussion#primaryimage","url":"http:\/\/freiesschauspiel.de\/wp-content\/uploads\/2022\/08\/Logo-1024x615.jpg","contentUrl":"http:\/\/freiesschauspiel.de\/wp-content\/uploads\/2022\/08\/Logo-1024x615.jpg"},{"@type":"BreadcrumbList","@id":"https:\/\/freiesschauspiel.de\/programm\/werkschau\/menschen-auf-der-flucht-podiumsdiskussion#breadcrumb","itemListElement":[{"@type":"ListItem","position":1,"name":"Startseite","item":"https:\/\/freiesschauspiel.de\/"},{"@type":"ListItem","position":2,"name":"Programm","item":"https:\/\/freiesschauspiel.de\/programm"},{"@type":"ListItem","position":3,"name":"Werkschau","item":"https:\/\/freiesschauspiel.de\/programm\/werkschau"},{"@type":"ListItem","position":4,"name":"MENSCHEN AUF DER FLUCHT &#8211; Podiumsdiskussion"}]},{"@type":"WebSite","@id":"https:\/\/freiesschauspiel.de\/#website","url":"https:\/\/freiesschauspiel.de\/","name":"Freies Schauspiel Ensemble","description":"im TITANIA","potentialAction":[{"@type":"SearchAction","target":{"@type":"EntryPoint","urlTemplate":"https:\/\/freiesschauspiel.de\/?s={search_term_string}"},"query-input":{"@type":"PropertyValueSpecification","valueRequired":true,"valueName":"search_term_string"}}],"inLanguage":"en-US"}]}},"_links":{"self":[{"href":"https:\/\/freiesschauspiel.de\/en\/wp-json\/wp\/v2\/pages\/7845"}],"collection":[{"href":"https:\/\/freiesschauspiel.de\/en\/wp-json\/wp\/v2\/pages"}],"about":[{"href":"https:\/\/freiesschauspiel.de\/en\/wp-json\/wp\/v2\/types\/page"}],"author":[{"embeddable":true,"href":"https:\/\/freiesschauspiel.de\/en\/wp-json\/wp\/v2\/users\/1"}],"replies":[{"embeddable":true,"href":"https:\/\/freiesschauspiel.de\/en\/wp-json\/wp\/v2\/comments?post=7845"}],"version-history":[{"count":18,"href":"https:\/\/freiesschauspiel.de\/en\/wp-json\/wp\/v2\/pages\/7845\/revisions"}],"predecessor-version":[{"id":8000,"href":"https:\/\/freiesschauspiel.de\/en\/wp-json\/wp\/v2\/pages\/7845\/revisions\/8000"}],"up":[{"embeddable":true,"href":"https:\/\/freiesschauspiel.de\/en\/wp-json\/wp\/v2\/pages\/7812"}],"wp:attachment":[{"href":"https:\/\/freiesschauspiel.de\/en\/wp-json\/wp\/v2\/media?parent=7845"}],"curies":[{"name":"wp","href":"https:\/\/api.w.org\/{rel}","templated":true}]}}